{"id":30385,"date":"2025-04-04T15:32:48","date_gmt":"2025-04-04T14:32:48","guid":{"rendered":"https:\/\/aloland.v.paler.net\/?page_id=30385"},"modified":"2026-07-17T11:10:27","modified_gmt":"2026-07-17T10:10:27","slug":"blog","status":"publish","type":"page","link":"https:\/\/alo.land\/pt\/blog\/","title":{"rendered":"Blog"},"content":{"rendered":"<div class=\"et_pb_section_0 et_pb_section et_section_regular et_block_section\">\n<div class=\"et_pb_row_0 et_pb_row et_block_row\">\n<div class=\"et_pb_column_0 et_pb_column et_pb_column_4_4 et-last-child et_block_column et_pb_css_mix_blend_mode_passthrough\">\n<div class=\"et_pb_heading_0 et_pb_heading et_pb_module et_block_module\"><div class=\"et_pb_heading_container\"><h1 class=\"et_pb_module_header\">Blog<\/h1><\/div><\/div>\n<\/div>\n<\/div>\n\n<div class=\"et_pb_row_1 et_pb_row et_block_row\">\n<div class=\"et_pb_column_1 et_pb_column et_pb_column_4_4 et-last-child et_block_column et_pb_css_mix_blend_mode_passthrough\">\n<div class=\"et_pb_heading_1 et_pb_heading et_pb_module et_block_module\"><div class=\"et_pb_heading_container\"><h1 class=\"et_pb_module_header\">Written for you...<\/h1><\/div><\/div>\n<\/div>\n<\/div>\n\n<div class=\"et_pb_row_2 et_pb_row et_block_row\">\n<div class=\"et_pb_column_2 et_pb_column et_pb_column_4_4 et-last-child et_block_column et_pb_css_mix_blend_mode_passthrough\">\n<div class=\"et_pb_blog_0 et_pb_blog et_pb_bg_layout_light et_pb_posts et_pb_module\"><div class=\"et_pb_ajax_pagination_container\"><div class=\"et_pb_blog_posts et_grid_module\"><article class=\"et_pb_post et_pb_post_id_33308 clearfix et_pb_blog_item_0_0 post-33308 post type-post status-publish format-standard hentry category-family category-services\"><div class=\"et_pb_image_container\"><a href=\"https:\/\/alo.land\/pt\/when-nature-becomes-part-of-us\/\" class=\"entry-featured-image-url\"><img loading=\"lazy\" decoding=\"async\" src=\"https:\/\/alo.land\/wp-content\/uploads\/sites\/13\/2025\/12\/instagram_image-77-300x300.jpg\" width=\"400\" height=\"250\" alt=\"When Nature Becomes Part of Us\" class=\"\" \/><span data-icon=\"\ue050\" class=\"et_overlay et_pb_inline_icon\"><\/span><\/a><\/div><h2 class=\"entry-title\"><a href=\"https:\/\/alo.land\/pt\/when-nature-becomes-part-of-us\/\">Quando a natureza se entranha<\/a><\/h2><p class=\"post-meta\"><span class=\"published\">Jul 17, 2026<\/span><\/p><div class=\"post-content\"><div class=\"post-content-inner\"><p>Neste texto, parto de uma hist\u00f3ria de Jos\u00e9 Pacheco sobre crian\u00e7as que passaram a cantar Vivaldi para pensar sobre natureza, inf\u00e2ncia e cuidado. Talvez s\u00f3 possamos amar verdadeiramente aquilo que tivemos oportunidade de conhecer \u2014 uma m\u00fasica, uma minhoca, um caracol, uma \u00e1rvore, um jardim.<\/p>\n<\/div><\/div><\/article><article class=\"et_pb_post et_pb_post_id_33272 clearfix et_pb_blog_item_0_1 post-33272 post type-post status-publish format-standard has-post-thumbnail hentry category-family category-services tag-garden-explorers tag-lira tag-workshops\"><div class=\"et_pb_image_container\"><a href=\"https:\/\/alo.land\/pt\/what-is-a-garden-explorer\/\" class=\"entry-featured-image-url\"><img loading=\"lazy\" decoding=\"async\" src=\"https:\/\/alo.land\/wp-content\/uploads\/sites\/13\/2026\/07\/Holistic-Perspective-Garden-Explorers-scaled.png\" width=\"400\" height=\"250\" alt=\"Holistic Perspective Garden Explorers\" class=\"\" srcset=\"https:\/\/alo.land\/wp-content\/uploads\/sites\/13\/2026\/07\/Holistic-Perspective-Garden-Explorers-scaled.png 479w, https:\/\/alo.land\/wp-content\/uploads\/sites\/13\/2026\/07\/Holistic-Perspective-Garden-Explorers-400x250.png 480w\" sizes=\"(max-width:479px) 479px, 100vw\" \/><span data-icon=\"\ue050\" class=\"et_overlay et_pb_inline_icon\"><\/span><\/a><\/div><h2 class=\"entry-title\"><a href=\"https:\/\/alo.land\/pt\/what-is-a-garden-explorer\/\">O que \u00e9 um Explorador do Jardim?<\/a><\/h2><p class=\"post-meta\"><span class=\"published\">Jul 15, 2026<\/span><\/p><div class=\"post-content\"><div class=\"post-content-inner\"><p>Uma crian\u00e7a que aprende a observar, cuidar, criar, cooperar e pertencer ao mundo vivo.<\/p>\n<\/div><\/div><\/article><article class=\"et_pb_post et_pb_post_id_32850 clearfix et_pb_blog_item_0_2 post-32850 post type-post status-publish format-standard has-post-thumbnail hentry category-services tag-origami\"><div class=\"et_pb_image_container\"><a href=\"https:\/\/alo.land\/pt\/alo-ori\/\" class=\"entry-featured-image-url\"><img loading=\"lazy\" decoding=\"async\" src=\"https:\/\/alo.land\/wp-content\/uploads\/sites\/13\/2025\/10\/Untitled-1.png\" width=\"400\" height=\"250\" alt=\"Alo Ori Origami Club\" class=\"\" srcset=\"https:\/\/alo.land\/wp-content\/uploads\/sites\/13\/2025\/10\/Untitled-1.png 479w, https:\/\/alo.land\/wp-content\/uploads\/sites\/13\/2025\/10\/Untitled-1-400x250.png 480w\" sizes=\"(max-width:479px) 479px, 100vw\" \/><span data-icon=\"\ue050\" class=\"et_overlay et_pb_inline_icon\"><\/span><\/a><\/div><h2 class=\"entry-title\"><a href=\"https:\/\/alo.land\/pt\/alo-ori\/\">Alo Ori<\/a><\/h2><p class=\"post-meta\"><span class=\"published\">Out 7, 2025<\/span><\/p><div class=\"post-content\"><div class=\"post-content-inner\"><p>Alo Ori - Family Origami Club When: Tuesdays at 17:00Where: Alo Land, Salir do PortoWho: Families with children 6+Cost: Free (donations welcome for shared materials) Join us for a relaxed, collaborative origami session where kids and adults fold together. We'll...<\/p>\n<\/div><\/div><\/article><article class=\"et_pb_post et_pb_post_id_32810 clearfix et_pb_blog_item_0_3 post-32810 post type-post status-publish format-standard hentry category-family tag-family tag-familyfun tag-summer tag-summercamp tag-summertreat\"><div class=\"et_pb_image_container\"><a href=\"https:\/\/alo.land\/pt\/%f0%9f%8c%9e-ultimate-summer-camp-guide-2025-caldas-da-rainha-region\/\" class=\"entry-featured-image-url\"><img loading=\"lazy\" decoding=\"async\" src=\"https:\/\/alo.land\/wp-content\/uploads\/sites\/13\/2025\/06\/Beach.jpg\" width=\"400\" height=\"250\" alt=\"\ud83c\udf1e Ultimate Summer Camp Guide 2025 | Caldas da Rainha &amp; Region\" class=\"\" \/><span data-icon=\"\ue050\" class=\"et_overlay et_pb_inline_icon\"><\/span><\/a><\/div><h2 class=\"entry-title\"><a href=\"https:\/\/alo.land\/pt\/%f0%9f%8c%9e-ultimate-summer-camp-guide-2025-caldas-da-rainha-region\/\">\ud83c\udf1e Guia Definitivo de Campos de Ver\u00e3o 2025 | Caldas da Rainha &amp; Regi\u00e3o<\/a><\/h2><p class=\"post-meta\"><span class=\"published\">Jun 16, 2025<\/span><\/p><div class=\"post-content\"><div class=\"post-content-inner\"><p>Struggling to find the perfect summer activities for your kids? We've done the research for you! Here's your complete guide to 21 amazing summer camps in our region - from forest schools to science labs, sports camps to creative workshops. Something magical for every...<\/p>\n<\/div><\/div><\/article><article class=\"et_pb_post et_pb_post_id_32790 clearfix et_pb_blog_item_0_4 post-32790 post type-post status-publish format-standard has-post-thumbnail hentry category-expedicoes-cientificas category-family category-scientific-expeditions tag-ciencia tag-educacao tag-education tag-expedicao tag-expedition tag-familia tag-family tag-science tag-travels tag-trips tag-viagem\"><div class=\"et_pb_image_container\"><a href=\"https:\/\/alo.land\/pt\/a-descobrir-portugal-atraves-da-ciencia-comecamos-a-nossa-aventura-ciencia-viva\/\" class=\"entry-featured-image-url\"><img loading=\"lazy\" decoding=\"async\" src=\"https:\/\/alo.land\/wp-content\/uploads\/sites\/13\/2025\/06\/PXL_20250610_151510936-1-1.jpg\" width=\"400\" height=\"250\" alt=\"Discovering Portugal Through Science: Our Scientific Expeditions Begin\" class=\"\" srcset=\"https:\/\/alo.land\/wp-content\/uploads\/sites\/13\/2025\/06\/PXL_20250610_151510936-1-1.jpg 479w, https:\/\/alo.land\/wp-content\/uploads\/sites\/13\/2025\/06\/PXL_20250610_151510936-1-1-400x250.jpg 480w\" sizes=\"(max-width:479px) 479px, 100vw\" \/><span data-icon=\"\ue050\" class=\"et_overlay et_pb_inline_icon\"><\/span><\/a><\/div><h2 class=\"entry-title\"><a href=\"https:\/\/alo.land\/pt\/a-descobrir-portugal-atraves-da-ciencia-comecamos-a-nossa-aventura-ciencia-viva\/\">A descobrir Portugal atrav\u00e9s da Ci\u00eancia: Come\u00e7amos as nossas expedi\u00e7\u00f5es cient\u00edficas<\/a><\/h2><p class=\"post-meta\"><span class=\"published\">Jun 12, 2025<\/span><\/p><div class=\"post-content\"><div class=\"post-content-inner\"><p>A few weeks ago, I discovered something that completely changed how we explore Portugal with the children: the Circuitos Ci\u00eancia Viva Card. I'd been looking for different experiences for the kids, who lately have been fascinated with everything science and nature....<\/p>\n<\/div><\/div><\/article><article class=\"et_pb_post et_pb_post_id_32773 clearfix et_pb_blog_item_0_5 post-32773 post type-post status-publish format-standard has-post-thumbnail hentry category-expedicoes-cientificas category-family tag-agua tag-alviela tag-carso tag-carsoscopio tag-cienciaviva tag-educacao tag-education tag-expedicao tag-expedition tag-familia tag-family tag-viagens tag-water\"><div class=\"et_pb_image_container\"><a href=\"https:\/\/alo.land\/pt\/centro-ciencia-viva-do-alviela-carsoscopio\/\" class=\"entry-featured-image-url\"><img loading=\"lazy\" decoding=\"async\" src=\"https:\/\/alo.land\/wp-content\/uploads\/sites\/13\/2025\/06\/PXL_20250610_151510936-1-1.jpg\" width=\"400\" height=\"250\" alt=\"Centro Ci\u00eancia Viva do Alviela &#8211; Carsosc\u00f3pio\" class=\"\" srcset=\"https:\/\/alo.land\/wp-content\/uploads\/sites\/13\/2025\/06\/PXL_20250610_151510936-1-1.jpg 479w, https:\/\/alo.land\/wp-content\/uploads\/sites\/13\/2025\/06\/PXL_20250610_151510936-1-1-400x250.jpg 480w\" sizes=\"(max-width:479px) 479px, 100vw\" \/><span data-icon=\"\ue050\" class=\"et_overlay et_pb_inline_icon\"><\/span><\/a><\/div><h2 class=\"entry-title\"><a href=\"https:\/\/alo.land\/pt\/centro-ciencia-viva-do-alviela-carsoscopio\/\">Centro Ci\u00eancia Viva do Alviela &#8211; Carsosc\u00f3pio<\/a><\/h2><p class=\"post-meta\"><span class=\"published\">Jun 11, 2025<\/span><\/p><div class=\"post-content\"><div class=\"post-content-inner\"><p>Location: Louriceira, Alviela, Santar\u00e9m, RibatejoMap: https:\/\/maps.app.goo.gl\/kfuzKiogSdTKvN34AWebsite: https:\/\/alviela.cienciaviva.pt\/Distance from Alo Land: About 1 hour's drive Field Notes Overall impression: So much more than we expected! Recommended ages: All...<\/p>\n<\/div><\/div><\/article><\/div><div class=\"pagination clearfix\">\n\t<div class=\"alignleft\"><a href=\"https:\/\/alo.land\/pt\/wp-json\/wp\/v2\/pages\/30385\/page\/2\/?et_blog\" >&laquo; Older Entries<\/a><\/div>\n\t<div class=\"alignright\"><\/div>\n<\/div><\/div><\/div>\n<\/div>\n<\/div>\n\n<div class=\"et_pb_row_3 et_pb_row et_block_row\">\n<div class=\"et_pb_column_3 et_pb_column et_pb_column_4_4 et-last-child et_block_column et_pb_css_mix_blend_mode_passthrough\">\n<div class=\"et_pb_heading_2 et_pb_heading et_pb_module et_block_module\"><div class=\"et_pb_heading_container\"><h2 class=\"et_pb_module_header\">A visual diary...<\/h2><\/div><\/div>\n\n<div class=\"et_pb_blog_1 et_pb_blog et_pb_bg_layout_light et_pb_posts et_pb_module\"><div class=\"et_pb_ajax_pagination_container\"><div class=\"et_pb_blog_posts et_grid_module\"><article class=\"et_pb_post et_pb_post_id_33462 clearfix et_pb_blog_item_1_0 post-33462 post type-post status-publish format-standard has-post-thumbnail hentry category-pb\"><div class=\"et_pb_image_container\"><a href=\"https:\/\/alo.land\/pt\/photo-hoje-e-1-de-setembro-e-para-muita-gente-ja-cheira-a-outono\/\" class=\"entry-featured-image-url\"><img loading=\"lazy\" decoding=\"async\" src=\"https:\/\/alo.land\/wp-content\/uploads\/sites\/13\/2026\/09\/instagram_image-1.jpg\" width=\"400\" height=\"250\" alt=\"Hoje \u00e9 1 de setembro e para muita gente j\u00e1 \u201ccheira a outono\u201d.\" class=\"\" srcset=\"https:\/\/alo.land\/wp-content\/uploads\/sites\/13\/2026\/09\/instagram_image-1.jpg 479w, https:\/\/alo.land\/wp-content\/uploads\/sites\/13\/2026\/09\/instagram_image-1-400x250.jpg 480w\" sizes=\"(max-width:479px) 479px, 100vw\" \/><span data-icon=\"\ue050\" class=\"et_overlay et_pb_inline_icon\"><\/span><\/a><\/div><h2 class=\"entry-title\"><a href=\"https:\/\/alo.land\/pt\/photo-hoje-e-1-de-setembro-e-para-muita-gente-ja-cheira-a-outono\/\">Hoje \u00e9 1 de setembro e para muita gente j\u00e1 \u201ccheira a outono\u201d.<\/a><\/h2><p class=\"post-meta\">by <span class=\"author vcard\"><a href=\"https:\/\/alo.land\/pt\/author\/instagram\/\" title=\"Posts by instagram\" rel=\"author\">instagram<\/a><\/span> | <span class=\"published\">Set 1, 2026<\/span><\/p><div class=\"post-content\"><div class=\"post-content-inner\"><p>Hoje \u00e9 1 de setembro e para muita gente j\u00e1 \u201ccheira a outono\u201d.Mas ser\u00e1 que o outono come\u00e7a mesmo hoje?Nas nossas Tardes Montessori, perguntas simples como esta abrem portas para explorar o mundo: o movimento da Terra, as esta\u00e7\u00f5es do ano, os ciclos da natureza, a...<\/p>\n<\/div><\/div><\/article><article class=\"et_pb_post et_pb_post_id_33460 clearfix et_pb_blog_item_1_1 post-33460 post type-post status-publish format-standard has-post-thumbnail hentry category-pb\"><div class=\"et_pb_image_container\"><a href=\"https:\/\/alo.land\/pt\/photo-today-is-1-september-and-autumn-already-feels-close\/\" class=\"entry-featured-image-url\"><img loading=\"lazy\" decoding=\"async\" src=\"https:\/\/alo.land\/wp-content\/uploads\/sites\/13\/2026\/09\/instagram_image.jpg\" width=\"400\" height=\"250\" alt=\"Today is 1 September, and autumn already feels close.\" class=\"\" srcset=\"https:\/\/alo.land\/wp-content\/uploads\/sites\/13\/2026\/09\/instagram_image.jpg 479w, https:\/\/alo.land\/wp-content\/uploads\/sites\/13\/2026\/09\/instagram_image-400x250.jpg 480w\" sizes=\"(max-width:479px) 479px, 100vw\" \/><span data-icon=\"\ue050\" class=\"et_overlay et_pb_inline_icon\"><\/span><\/a><\/div><h2 class=\"entry-title\"><a href=\"https:\/\/alo.land\/pt\/photo-today-is-1-september-and-autumn-already-feels-close\/\">Today is 1 September, and autumn already feels close.<\/a><\/h2><p class=\"post-meta\">by <span class=\"author vcard\"><a href=\"https:\/\/alo.land\/pt\/author\/instagram\/\" title=\"Posts by instagram\" rel=\"author\">instagram<\/a><\/span> | <span class=\"published\">Set 1, 2026<\/span><\/p><div class=\"post-content\"><div class=\"post-content-inner\"><p>Today is 1 September, and autumn already feels close.At Alo Lira, simple seasonal questions can open the door to big explorations: the Earth, the sky, the changing year, the garden, the animals, the kitchen, stories, music, art and practical life.Our Montessori...<\/p>\n<\/div><\/div><\/article><article class=\"et_pb_post et_pb_post_id_33457 clearfix et_pb_blog_item_1_2 post-33457 post type-post status-publish format-standard has-post-thumbnail hentry category-pb\"><div class=\"et_pb_image_container\"><a href=\"https:\/\/alo.land\/pt\/photo-os-walkie-talkies-sao-tao-divertidos\/\" class=\"entry-featured-image-url\"><img loading=\"lazy\" decoding=\"async\" src=\"https:\/\/alo.land\/wp-content\/uploads\/sites\/13\/2026\/08\/instagram_image-2.jpg\" width=\"400\" height=\"250\" alt=\"Os walkie-talkies s\u00e3o t\u00e3o divertidos! \ud83d\udcfb\ud83c\udf31\" class=\"\" srcset=\"https:\/\/alo.land\/wp-content\/uploads\/sites\/13\/2026\/08\/instagram_image-2.jpg 479w, https:\/\/alo.land\/wp-content\/uploads\/sites\/13\/2026\/08\/instagram_image-2-400x250.jpg 480w\" sizes=\"(max-width:479px) 479px, 100vw\" \/><span data-icon=\"\ue050\" class=\"et_overlay et_pb_inline_icon\"><\/span><\/a><\/div><h2 class=\"entry-title\"><a href=\"https:\/\/alo.land\/pt\/photo-os-walkie-talkies-sao-tao-divertidos\/\">Os walkie-talkies s\u00e3o t\u00e3o divertidos! \ud83d\udcfb\ud83c\udf31<\/a><\/h2><p class=\"post-meta\">by <span class=\"author vcard\"><a href=\"https:\/\/alo.land\/pt\/author\/instagram\/\" title=\"Posts by instagram\" rel=\"author\">instagram<\/a><\/span> | <span class=\"published\">Ago 16, 2026<\/span><\/p><div class=\"post-content\"><div class=\"post-content-inner\"><p>Os walkie-talkies s\u00e3o t\u00e3o divertidos! \ud83d\udcfb\ud83c\udf31Walkie-talkies are so much fun! \ud83d\udcfb\ud83c\udf31H\u00e1 algo m\u00e1gico em ouvir a voz de um amigo a crepitar pelo jardim.There\u2019s something magical about hearing a friend\u2019s voice crackle through the garden.Esta semana na Alo Lira, os nossos...<\/p>\n<\/div><\/div><\/article><\/div><div class=\"pagination clearfix\">\n\t<div class=\"alignleft\"><a href=\"https:\/\/alo.land\/pt\/wp-json\/wp\/v2\/pages\/30385\/page\/2\/?et_blog\" >&laquo; Older Entries<\/a><\/div>\n\t<div class=\"alignright\"><\/div>\n<\/div><\/div><\/div>\n<\/div>\n<\/div>\n<\/div>","protected":false},"excerpt":{"rendered":"","protected":false},"author":2,"featured_media":0,"parent":0,"menu_order":0,"comment_status":"closed","ping_status":"closed","template":"","meta":{"wpai_generated_summary":"","wpai_meta_description":"","footnotes":""},"class_list":["post-30385","page","type-page","status-publish","hentry"],"_links":{"self":[{"href":"https:\/\/alo.land\/pt\/wp-json\/wp\/v2\/pages\/30385","targetHints":{"allow":["GET"]}}],"collection":[{"href":"https:\/\/alo.land\/pt\/wp-json\/wp\/v2\/pages"}],"about":[{"href":"https:\/\/alo.land\/pt\/wp-json\/wp\/v2\/types\/page"}],"author":[{"embeddable":true,"href":"https:\/\/alo.land\/pt\/wp-json\/wp\/v2\/users\/2"}],"replies":[{"embeddable":true,"href":"https:\/\/alo.land\/pt\/wp-json\/wp\/v2\/comments?post=30385"}],"version-history":[{"count":11,"href":"https:\/\/alo.land\/pt\/wp-json\/wp\/v2\/pages\/30385\/revisions"}],"predecessor-version":[{"id":33323,"href":"https:\/\/alo.land\/pt\/wp-json\/wp\/v2\/pages\/30385\/revisions\/33323"}],"wp:attachment":[{"href":"https:\/\/alo.land\/pt\/wp-json\/wp\/v2\/media?parent=30385"}],"curies":[{"name":"wp","href":"https:\/\/api.w.org\/{rel}","templated":true}]}}